{"id":3,"date":"2018-05-31T10:48:05","date_gmt":"2018-05-31T08:48:05","guid":{"rendered":"https:\/\/www.webitics.fr\/?page_id=3"},"modified":"2023-07-06T11:42:22","modified_gmt":"2023-07-06T09:42:22","slug":"mentions-legales","status":"publish","type":"page","link":"https:\/\/www.webitics.fr\/?page_id=3","title":{"rendered":"Mentions l\u00e9gales"},"content":{"rendered":"<ul>\n<li>Webitics<\/li>\n<li><strong>33 Quai Arloing 69009 LYON<\/strong><\/li>\n<li><strong>N\u00b0 de t\u00e9l\u00e9phone : <a class=\"front-page-footer-infos-tel\" href=\"tel:09 58 04 48 79\">\u00a009 58 04 48 79<\/a><\/strong><\/li>\n<li><strong>N\u00b0 de t\u00e9l\u00e9phone mobile :\u00a0<a class=\"front-page-footer-infos-mobile\" href=\"tel:06 42 80 21 18\"><i><\/i>\u00a006 42 80 21 18<\/a><\/strong><\/li>\n<li><strong>E-mail : <a href=\"mailto:david[a]webitics.fr\">david[a]webitics.fr<\/a><\/strong><\/li>\n<\/ul>\n<h2>Conception<\/h2>\n<p><strong>IRIS Interactive<\/strong>, \u00ab Cr\u00e9ateur d\u2019empreintes digitales \u00bb<\/p>\n<p>Cit\u00e9 Num\u00e9rique du Pensio<\/p>\n<p>4 rue du PNDF<\/p>\n<p>43000 Le Puy en Velay<\/p>\n<p>T\u00e9l. : 04 71 04 93 01<\/p>\n<p>&nbsp;<\/p>\n<p><strong>Le Bivouac<\/strong><\/p>\n<p>59 Bd L\u00e9on Jouhaux CS 90706<\/p>\n<p>63050 Clermont-Ferrand<\/p>\n<p>T\u00e9l. : 04 43 86 02 68<\/p>\n<p>&nbsp;<\/p>\n<p><strong>Espace DMCI<\/strong> \u2013 Z.A. Greenopolis<\/p>\n<p>31 rue Laure Diebold<\/p>\n<p>69009 Lyon<\/p>\n<p>T\u00e9l. : 04 72 56 51 05<\/p>\n<p>&nbsp;<\/p>\n<p><a href=\"https:\/\/www.iris-interactive.fr\/\">www.iris-interactive.fr<\/a><\/p>\n<h2>Droits d\u2019auteur<\/h2>\n<p>En application du Code Fran\u00e7ais de la Propri\u00e9t\u00e9 Intellectuelle et, plus g\u00e9n\u00e9ralement, des trait\u00e9s et accords internationaux comportant des dispositions relatives \u00e0 la protection des droits d\u2019auteurs, vous vous interdirez, pour un usage autre que priv\u00e9, de reproduire, de vendre, de distribuer, d\u2019\u00e9mettre, de diffuser, d\u2019adapter, de modifier, de publier, et de communiquer int\u00e9gralement ou partiellement, sous quelque forme que ce soit, les donn\u00e9es, la pr\u00e9sentation ou l\u2019organisation du site ou les \u0153uvres prot\u00e9g\u00e9es par le droit d\u2019auteur qui figurent sur le site Web \u00ab www.webitics.fr \u00bb sans autorisation \u00e9crite particuli\u00e8re et pr\u00e9alable du d\u00e9tenteur du droit d\u2019auteur attach\u00e9 \u00e0 l\u2019\u0153uvre, \u00e0 la pr\u00e9sentation ou \u00e0 l\u2019organisation du site ou \u00e0 la donn\u00e9e reproduite.<\/p>\n<h2>D\u00e9charge de responsabilit\u00e9<\/h2>\n<p>WEBITICS n\u2019est tenu que d\u2019une simple obligation de moyens concernant les informations qu\u2019elle met \u00e0 disposition des personnes qui acc\u00e8dent \u00e0 son site Web. Alors m\u00eame que nous avons effectu\u00e9 toutes les d\u00e9marches pour nous assurer de la fiabilit\u00e9 des informations contenues sur ce site Web, WEBITICS ne peut encourir aucune responsabilit\u00e9 du fait d\u2019erreurs, d\u2019omissions, ou pour les r\u00e9sultats qui pourraient \u00eatre obtenus par l\u2019usage de ces informations. Notamment, l\u2019usage de liens hypertextes peut conduire votre consultation de notre site vers d\u2019autres serveurs pour prendre connaissance de l\u2019information recherch\u00e9e, serveurs sur lesquels WEBITICS n\u2019a aucun contr\u00f4le.<\/p>\n<h2>Donn\u00e9es personnelles<\/h2>\n<p>Les informations collect\u00e9es sont destin\u00e9es uniquement \u00e0 l\u2019usage de WEBITICS. Conform\u00e9ment \u00e0 la loi du 6 janvier 1978, relative \u00e0 l\u2019informatique, aux fichiers et aux libert\u00e9s, vous disposez d\u2019un droit d\u2019acc\u00e8s, de modification, de rectification et de suppression, pour toute information vous concernant en vous adressant \u00e0 :<\/p>\n<ul>\n<li>Webitics<\/li>\n<li><strong>33 Quai Arloing 69009 LYON<\/strong><\/li>\n<li><strong>N\u00b0 de t\u00e9l\u00e9phone : <a class=\"front-page-footer-infos-tel\" href=\"tel:09 58 04 48 79\">\u00a009 58 04 48 79<\/a><\/strong><\/li>\n<li><strong>N\u00b0 de t\u00e9l\u00e9phone mobile :\u00a0<a class=\"front-page-footer-infos-mobile\" href=\"tel:06 42 80 21 18\"><i><\/i>\u00a006 42 80 21 18<\/a><\/strong><\/li>\n<li><strong>E-mail : <a href=\"mailto:david[a]webitics.fr\">david[a]webitics.fr<\/a><\/strong><\/li>\n<\/ul>\n<h2>Cookies<\/h2>\n<p>La navigation sur le site www.webitics.fr est susceptible de provoquer l\u2019installation de cookie(s) sur l\u2019ordinateur de l\u2019utilisateur. Un cookie est un fichier de petite taille, qui ne permet pas l\u2019identification de l\u2019utilisateur, mais qui enregistre des informations relatives \u00e0 la navigation d\u2019un ordinateur sur un site. Les donn\u00e9es ainsi obtenues visent \u00e0 faciliter la navigation ult\u00e9rieure sur le site, et ont \u00e9galement vocation \u00e0 permettre diverses mesures de fr\u00e9quentation.<br \/>\nLe refus d\u2019installation d\u2019un cookie peut entra\u00eener l\u2019impossibilit\u00e9 d\u2019acc\u00e9der \u00e0 certains services. L\u2019utilisateur peut toutefois configurer son ordinateur de la mani\u00e8re suivante, pour refuser l\u2019installation des cookies.<\/p>\n","protected":false},"excerpt":{"rendered":"<p>test du contenu extrait<\/p>\n","protected":false},"author":1,"featured_media":0,"parent":0,"menu_order":0,"comment_status":"closed","ping_status":"open","template":"","meta":[],"acf":[],"_links":{"self":[{"href":"https:\/\/www.webitics.fr\/index.php?rest_route=\/wp\/v2\/pages\/3"}],"collection":[{"href":"https:\/\/www.webitics.fr\/index.php?rest_route=\/wp\/v2\/pages"}],"about":[{"href":"https:\/\/www.webitics.fr\/index.php?rest_route=\/wp\/v2\/types\/page"}],"author":[{"embeddable":true,"href":"https:\/\/www.webitics.fr\/index.php?rest_route=\/wp\/v2\/users\/1"}],"replies":[{"embeddable":true,"href":"https:\/\/www.webitics.fr\/index.php?rest_route=%2Fwp%2Fv2%2Fcomments&post=3"}],"version-history":[{"count":15,"href":"https:\/\/www.webitics.fr\/index.php?rest_route=\/wp\/v2\/pages\/3\/revisions"}],"predecessor-version":[{"id":5505,"href":"https:\/\/www.webitics.fr\/index.php?rest_route=\/wp\/v2\/pages\/3\/revisions\/5505"}],"wp:attachment":[{"href":"https:\/\/www.webitics.fr\/index.php?rest_route=%2Fwp%2Fv2%2Fmedia&parent=3"}],"curies":[{"name":"wp","href":"https:\/\/api.w.org\/{rel}","templated":true}]}}